{"id":801,"date":"2016-05-16T20:23:58","date_gmt":"2016-05-16T19:23:58","guid":{"rendered":"http:\/\/confrariadopaodaregueifaedobiscoitodevalongo.com\/confraria\/?page_id=801"},"modified":"2022-06-22T00:45:06","modified_gmt":"2022-06-21T23:45:06","slug":"confrades","status":"publish","type":"page","link":"https:\/\/confrariadopaodaregueifaedobiscoitodevalongo.com\/confraria\/confrades\/","title":{"rendered":"Confrades Honor\u00e1rios"},"content":{"rendered":"<p>[vc_row][vc_column width=&#8221;2\/3&#8243;][vc_column_text]<\/p>\n<h3>Confrades Honor\u00e1rios<\/h3>\n<h3>&#8211; Ano de 2016<\/h3>\n<p><a href=\"http:\/\/confrariadopaodaregueifaedobiscoitodevalongo.com\/deliberacao_confrade_honorario\/deliberacao_cmv.pdf\" target=\"_blank\" rel=\"noopener\">Munic\u00edpio de Valongo<\/a><br \/>\nFreguesia de Alfena<br \/>\nFreguesia de Campo e Sobrado<br \/>\nFreguesia de Ermesinde<br \/>\nFreguesia de Valongo<br \/>\nPadre Jos\u00e9 Luis Borges<br \/>\nProf. Dr. Jos\u00e9 Eduardo Lima Pinto Costa \u2628\u2628\u2628<\/p>\n<h3>&#8211; Ano de\u00a02017<\/h3>\n<p><a href=\"http:\/\/confrariadopaodaregueifaedobiscoitodevalongo.com\/deliberacao_confrade_honorario\/deliberacao_jmat.pdf\" target=\"_blank\" rel=\"noopener\">Prof. Dr. Jos\u00e9 Manuel Tedim<\/a><br \/>\n<a href=\"http:\/\/confrariadopaodaregueifaedobiscoitodevalongo.com\/deliberacao_confrade_honorario\/deliberacao_hl.pdf\" target=\"_blank\" rel=\"noopener\">Chefe de Cozinha H\u00e9lio Loureiro<\/a><br \/>\n<a href=\"http:\/\/confrariadopaodaregueifaedobiscoitodevalongo.com\/deliberacao_confrade_honorario\/deliberacao_agrupamento.pdf\" target=\"_blank\" rel=\"noopener\">Agrupamento de Escolas de Valongo<\/a><br \/>\n<a href=\"http:\/\/confrariadopaodaregueifaedobiscoitodevalongo.com\/deliberacao_confrade_honorario\/deliberacao_mj.pdf\" target=\"_blank\" rel=\"noopener\">Dr\u00aa M\u00f3nica Jardim (apresentadora de televis\u00e3o)<\/a><\/p>\n<h3>&#8211; Ano de 2018<\/h3>\n<p><a href=\"http:\/\/confrariadopaodaregueifaedobiscoitodevalongo.com\/deliberacao_confrade_honorario\/deliberacao_municipiotrelaze.pdf\" target=\"_blank\" rel=\"noopener\">Munic\u00edpio de Tr\u00e9laz\u00e9 &#8211; Fran\u00e7a<\/a><br \/>\n<a href=\"http:\/\/confrariadopaodaregueifaedobiscoitodevalongo.com\/deliberacao_confrade_honorario\/deliberacao_esht.pdf\" target=\"_blank\" rel=\"noopener\">Escola Superior de Hotelaria e Turismo do Polit\u00e9cnico do Porto<\/a><br \/>\n<a href=\"http:\/\/confrariadopaodaregueifaedobiscoitodevalongo.com\/deliberacao_confrade_honorario\/deliberacao_joliveira.pdf\" target=\"_blank\" rel=\"noopener\">Chefe Jo\u00e3o Oliveira<\/a><\/p>\n<h3>&#8211; Ano de 2019<\/h3>\n<p><a href=\"http:\/\/confrariadopaodaregueifaedobiscoitodevalongo.com\/deliberacao_confrade_honorario\/deliberacao_Manuel Serr\u00e3o.pdf\">Manuel Jos\u00e9 de Valadares Souto Pinto Serr\u00e3o<\/a><br \/>\n<a href=\"http:\/\/confrariadopaodaregueifaedobiscoitodevalongo.com\/deliberacao_confrade_honorario\/deliberacao_Serras do Porto.pdf\">Associa\u00e7\u00e3o de Munic\u00edpios \u201cParque das Serras do Porto\u201d<\/a><br \/>\n<a href=\"http:\/\/confrariadopaodaregueifaedobiscoitodevalongo.com\/deliberacao_confrade_honorario\/deliberacao_TPNP.pdf\">Turismo Porto e Norte de Portugal<\/a><\/p>\n<h3>&#8211; Ano de 2022<\/h3>\n<p><a href=\"http:\/\/confrariadopaodaregueifaedobiscoitodevalongo.com\/deliberacao_confrade_honorario\/deliberacao_filipa_gomes.pdf\">Filipa Gomes (apresentadora de televis\u00e3o)<\/a><br \/>\n<a href=\"http:\/\/confrariadopaodaregueifaedobiscoitodevalongo.com\/deliberacao_confrade_honorario\/deliberacao_arnaldo_azevedo.pdf\">Chefe Arnaldo Azevedo<\/a><br \/>\n<a href=\"http:\/\/confrariadopaodaregueifaedobiscoitodevalongo.com\/deliberacao_confrade_honorario\/deliberacao_manuel_curado.pdf\">Manuel Curado<\/a><\/p>\n<p>Nota:<em> Poder\u00e1 consultar a delibera\u00e7\u00f5es de confrades honor\u00e1rios clicando nos respectivos nomes.<\/em><\/p>\n<p>\u2628\u2628\u2628 Falecido[\/vc_column_text][\/vc_column][vc_column width=&#8221;1\/3&#8243;][vc_widget_sidebar sidebar_id=&#8221;otw-sidebar-1&#8243;][\/vc_column][\/vc_row]<\/p>\n ","protected":false},"excerpt":{"rendered":"<p>[vc_row][vc_column width=&#8221;2\/3&#8243;][vc_column_text] Confrades Honor\u00e1rios &#8211; Ano de 2016 Munic\u00edpio de Valongo Freguesia de Alfena Freguesia&#8230;<\/p>\n","protected":false},"author":1,"featured_media":0,"parent":0,"menu_order":0,"comment_status":"closed","ping_status":"closed","template":"","meta":[],"_links":{"self":[{"href":"https:\/\/confrariadopaodaregueifaedobiscoitodevalongo.com\/confraria\/wp-json\/wp\/v2\/pages\/801"}],"collection":[{"href":"https:\/\/confrariadopaodaregueifaedobiscoitodevalongo.com\/confraria\/wp-json\/wp\/v2\/pages"}],"about":[{"href":"https:\/\/confrariadopaodaregueifaedobiscoitodevalongo.com\/confraria\/wp-json\/wp\/v2\/types\/page"}],"author":[{"embeddable":true,"href":"https:\/\/confrariadopaodaregueifaedobiscoitodevalongo.com\/confraria\/wp-json\/wp\/v2\/users\/1"}],"replies":[{"embeddable":true,"href":"https:\/\/confrariadopaodaregueifaedobiscoitodevalongo.com\/confraria\/wp-json\/wp\/v2\/comments?post=801"}],"version-history":[{"count":20,"href":"https:\/\/confrariadopaodaregueifaedobiscoitodevalongo.com\/confraria\/wp-json\/wp\/v2\/pages\/801\/revisions"}],"predecessor-version":[{"id":1277,"href":"https:\/\/confrariadopaodaregueifaedobiscoitodevalongo.com\/confraria\/wp-json\/wp\/v2\/pages\/801\/revisions\/1277"}],"wp:attachment":[{"href":"https:\/\/confrariadopaodaregueifaedobiscoitodevalongo.com\/confraria\/wp-json\/wp\/v2\/media?parent=801"}],"curies":[{"name":"wp","href":"https:\/\/api.w.org\/{rel}","templated":true}]}}